{"id":220489,"date":"2020-07-20T14:40:46","date_gmt":"2020-07-20T12:40:46","guid":{"rendered":"https:\/\/camping-les-monts-d-albi.com\/toerisme\/decouvrir-le-tarn-en-images\/"},"modified":"2020-07-20T14:40:47","modified_gmt":"2020-07-20T12:40:47","slug":"decouvrir-le-tarn-en-images","status":"publish","type":"page","link":"https:\/\/camping-les-monts-d-albi.com\/nl\/toerisme\/decouvrir-le-tarn-en-images\/","title":{"rendered":"D\u00e9couvrir le Tarn en images"},"content":{"rendered":"<p>[et_pb_section fb_built=&#8221;1&#8243; _builder_version=&#8221;4.3.2&#8243; background_image=&#8221;https:\/\/camping-les-monts-d-albi.com\/wp-content\/uploads\/2020\/02\/tarn-albi-occitanie-images-paysage-touristiques-decouverte.jpg&#8221; custom_padding=&#8221;||80px|||&#8221;][et_pb_row _builder_version=&#8221;4.3.2&#8243; background_color=&#8221;rgba(0,0,0,0)&#8221; custom_margin=&#8221;13px|auto||auto||&#8221;][et_pb_column type=&#8221;4_4&#8243; _builder_version=&#8221;4.3.2&#8243;][et_pb_text _builder_version=&#8221;4.3.2&#8243; text_font=&#8221;Poppins||||||||&#8221; text_text_color=&#8221;#ffffff&#8221; text_font_size=&#8221;16px&#8221; text_line_height=&#8221;1.8em&#8221; header_font=&#8221;Caveat brush|600|||||||&#8221; header_text_color=&#8221;#ffffff&#8221; header_font_size=&#8221;50px&#8221; header_letter_spacing=&#8221;2px&#8221; header_2_font=&#8221;Caveat brush|700|||||||&#8221; header_2_text_color=&#8221;#1c8c99&#8243; header_2_font_size=&#8221;55px&#8221; header_2_line_height=&#8221;1.2em&#8221; background_layout=&#8221;dark&#8221; max_width_tablet=&#8221;100%&#8221; max_width_last_edited=&#8221;off|desktop&#8221; custom_margin=&#8221;||1px|||&#8221; custom_padding=&#8221;||0px|||&#8221; header_2_font_tablet=&#8221;&#8221; header_2_font_phone=&#8221;&#8221; header_2_font_last_edited=&#8221;on|tablet&#8221; header_2_font_size_tablet=&#8221;40px&#8221; header_2_font_size_phone=&#8221;30px&#8221; header_2_font_size_last_edited=&#8221;on|phone&#8221; header_text_shadow_style=&#8221;preset2&#8243; header_text_shadow_color=&#8221;#ef7d59&#8243; header_2_text_shadow_style=&#8221;preset1&#8243; header_2_text_shadow_vertical_length=&#8221;0.08em&#8221; header_2_text_shadow_color=&#8221;#ffffff&#8221;]<\/p>\n<h1 style=\"text-align: center;\">D\u00e9couvrir le Tarn en images<\/h1>\n<p>[\/et_pb_text][et_pb_text _builder_version=&#8221;4.3.2&#8243; text_font=&#8221;Poppins||||||||&#8221; text_text_color=&#8221;#ffffff&#8221; text_font_size=&#8221;16px&#8221; text_line_height=&#8221;1.8em&#8221; header_font=&#8221;Caveat brush|600|||||||&#8221; header_text_color=&#8221;#ef7d59&#8243; header_font_size=&#8221;50px&#8221; header_letter_spacing=&#8221;2px&#8221; header_2_font=&#8221;Caveat brush|700|||||||&#8221; header_2_text_color=&#8221;#1c8c99&#8243; header_2_font_size=&#8221;55px&#8221; header_2_line_height=&#8221;1.2em&#8221; background_color=&#8221;#ef7d59&#8243; background_layout=&#8221;dark&#8221; max_width_tablet=&#8221;100%&#8221; max_width_last_edited=&#8221;off|desktop&#8221; custom_margin=&#8221;||1px|||&#8221; custom_padding=&#8221;||0px|||&#8221; hover_enabled=&#8221;0&#8243; header_2_font_tablet=&#8221;&#8221; header_2_font_phone=&#8221;&#8221; header_2_font_last_edited=&#8221;on|tablet&#8221; header_2_font_size_tablet=&#8221;40px&#8221; header_2_font_size_phone=&#8221;30px&#8221; header_2_font_size_last_edited=&#8221;on|phone&#8221; header_text_shadow_style=&#8221;preset1&#8243; header_text_shadow_color=&#8221;#ffffff&#8221; header_2_text_shadow_style=&#8221;preset1&#8243; header_2_text_shadow_vertical_length=&#8221;0.08em&#8221; header_2_text_shadow_color=&#8221;#ffffff&#8221;]<\/p>\n<p style=\"text-align: center;\"><strong>D\u00e9couvrez les villes bastides du Tarn (Albi, Cordes sur ciel&#8230;) &#8211; Camping Les Monts Albi<\/strong><\/p>\n<p>[\/et_pb_text][\/et_pb_column][\/et_pb_row][\/et_pb_section][et_pb_section fb_built=&#8221;1&#8243; custom_padding_last_edited=&#8221;on|desktop&#8221; admin_label=&#8221;Features&#8221; _builder_version=&#8221;4.3.2&#8243; background_enable_color=&#8221;off&#8221; background_image=&#8221;https:\/\/camping-les-monts-d-albi.com\/wp-content\/uploads\/2020\/02\/sight-seeing-52.png&#8221; background_size=&#8221;contain&#8221; background_position=&#8221;bottom_center&#8221; custom_padding=&#8221;40px||4px|||&#8221; custom_padding_tablet=&#8221;0px||5vw&#8221; custom_padding_phone=&#8221;&#8221; box_shadow_vertical_tablet=&#8221;&#8221; box_shadow_vertical_phone=&#8221;&#8221; box_shadow_vertical_last_edited=&#8221;on|tablet&#8221;][et_pb_row padding_top_bottom_link_2=&#8221;true&#8221; _builder_version=&#8221;4.3.2&#8243; width=&#8221;100%&#8221; max_width=&#8221;1210px&#8221; custom_padding=&#8221;18px||0px|||&#8221;][et_pb_column type=&#8221;4_4&#8243; _builder_version=&#8221;3.25&#8243; custom_padding=&#8221;|||&#8221; custom_padding__hover=&#8221;|||&#8221;][et_pb_text _builder_version=&#8221;4.3.2&#8243; text_font=&#8221;Poppins||||||||&#8221; text_text_color=&#8221;#8c8c8c&#8221; header_font=&#8221;||||||||&#8221; header_2_font=&#8221;Caveat brush|600|||||||&#8221; header_2_text_color=&#8221;#ef7d59&#8243; header_2_font_size=&#8221;42px&#8221; header_2_letter_spacing=&#8221;1px&#8221; header_2_line_height=&#8221;1.2em&#8221; background_layout=&#8221;dark&#8221; max_width_tablet=&#8221;100%&#8221; max_width_last_edited=&#8221;off|desktop&#8221; custom_margin=&#8221;||0px|||&#8221; hover_enabled=&#8221;0&#8243; header_2_font_tablet=&#8221;&#8221; header_2_font_phone=&#8221;&#8221; header_2_font_last_edited=&#8221;on|tablet&#8221; header_2_font_size_tablet=&#8221;&#8221; header_2_font_size_phone=&#8221;30px&#8221; header_2_font_size_last_edited=&#8221;on|desktop&#8221;]<\/p>\n<h2 class=\"page-title entry-title\" style=\"text-align: center;\"><span>Villes et bastides du Tarn<\/span><\/h2>\n<p class=\"p1\" style=\"text-align: center;\">Villages perch\u00e9s, bastides fortifi\u00e9es, cit\u00e9s m\u00e9di\u00e9vales, \u00abnids d\u2019aigle\u00bb\u2026 tous ont une \u00e2me et une atmosph\u00e8re unique. Les villes et villages tarnais racontent l\u2019histoire de ces femmes et hommes au caract\u00e8re bien tremp\u00e9. Au bord du <span style=\"color: #ef7d59;\"><b>Tarn<\/b><\/span> ou perch\u00e9s sur les collines, chaque mur, chaque pierre murmure \u00e0 qui veut les p\u00e9rip\u00e9ties de ce <strong><span style=\"color: #ef7d59;\">pays de passions<\/span><\/strong>. Cathares et guerres de religion, engagements et luttes ont marqu\u00e9 le paysage et le temp\u00e9rament tarnais.<\/p>\n<p>[\/et_pb_text][\/et_pb_column][\/et_pb_row][et_pb_row _builder_version=&#8221;4.3.2&#8243; custom_padding=&#8221;||0px|||&#8221;][et_pb_column type=&#8221;4_4&#8243; _builder_version=&#8221;4.3.2&#8243;][et_pb_gallery gallery_ids=&#8221;1926,1928,1930,1932,1934,1936,1938,1940,1942,1944,1946,1948,1950,1952,1954,1956,1958,1960,1962,1964,1966,1968,1970&#8243; posts_number=&#8221;8&#8243; show_title_and_caption=&#8221;off&#8221; zoom_icon_color=&#8221;#ef7d59&#8243; _builder_version=&#8221;4.3.2&#8243; border_radii=&#8221;on|5%|5%|5%|5%&#8221; border_width_all=&#8221;2px&#8221; border_color_all=&#8221;#ef7d59&#8243;][\/et_pb_gallery][\/et_pb_column][\/et_pb_row][\/et_pb_section][et_pb_section fb_built=&#8221;1&#8243; custom_padding_last_edited=&#8221;on|desktop&#8221; admin_label=&#8221;Features&#8221; _builder_version=&#8221;4.3.2&#8243; background_enable_color=&#8221;off&#8221; background_image=&#8221;https:\/\/camping-les-monts-d-albi.com\/wp-content\/uploads\/2020\/02\/sight-seeing-52.png&#8221; background_size=&#8221;contain&#8221; background_position=&#8221;bottom_center&#8221; custom_padding=&#8221;2px||4px|||&#8221; custom_padding_tablet=&#8221;0px||5vw&#8221; custom_padding_phone=&#8221;&#8221; box_shadow_vertical_tablet=&#8221;&#8221; box_shadow_vertical_phone=&#8221;&#8221; box_shadow_vertical_last_edited=&#8221;on|tablet&#8221;][et_pb_row padding_top_bottom_link_2=&#8221;true&#8221; _builder_version=&#8221;4.3.2&#8243; width=&#8221;100%&#8221; max_width=&#8221;1210px&#8221; custom_padding=&#8221;1px||0px|||&#8221;][et_pb_column type=&#8221;4_4&#8243; _builder_version=&#8221;3.25&#8243; custom_padding=&#8221;|||&#8221; custom_padding__hover=&#8221;|||&#8221;][et_pb_text _builder_version=&#8221;4.3.2&#8243; text_font=&#8221;Poppins||||||||&#8221; text_text_color=&#8221;#8c8c8c&#8221; header_font=&#8221;||||||||&#8221; header_2_font=&#8221;Caveat brush|600|||||||&#8221; header_2_text_color=&#8221;#ef7d59&#8243; header_2_font_size=&#8221;42px&#8221; header_2_letter_spacing=&#8221;1px&#8221; header_2_line_height=&#8221;1.2em&#8221; background_layout=&#8221;dark&#8221; max_width_tablet=&#8221;100%&#8221; max_width_last_edited=&#8221;off|desktop&#8221; custom_margin=&#8221;||0px|||&#8221; hover_enabled=&#8221;0&#8243; header_2_font_tablet=&#8221;&#8221; header_2_font_phone=&#8221;&#8221; header_2_font_last_edited=&#8221;on|tablet&#8221; header_2_font_size_tablet=&#8221;&#8221; header_2_font_size_phone=&#8221;30px&#8221; header_2_font_size_last_edited=&#8221;on|desktop&#8221;]<\/p>\n<h2 class=\"page-title entry-title\" style=\"text-align: center;\">Gastronomie du Sud Ouest<\/h2>\n<p class=\"p1\" style=\"text-align: center;\">Le Tarn poss\u00e8de de nombreuses sp\u00e9cialit\u00e9s et de produits du terroir.<br \/>Savoureuses, d\u00e9licieuses, ici il y a de quoi remplir son panier de douceurs \u00e0 toutes les \u00e9poques de l&#8217;ann\u00e9e.<\/p>\n<p>[\/et_pb_text][\/et_pb_column][\/et_pb_row][et_pb_row _builder_version=&#8221;4.3.2&#8243; custom_padding=&#8221;||0px|||&#8221;][et_pb_column type=&#8221;4_4&#8243; _builder_version=&#8221;4.3.2&#8243;][et_pb_gallery gallery_ids=&#8221;1972,1974,1976,1978,1980,1982,1984,1986,1988,1990,1992,1994,1996,1998,2000,2002,2004,2006,2008,2010,2012&#8243; posts_number=&#8221;8&#8243; show_title_and_caption=&#8221;off&#8221; zoom_icon_color=&#8221;#ef7d59&#8243; _builder_version=&#8221;4.3.2&#8243; custom_padding=&#8221;||0px|||&#8221; border_radii=&#8221;on|5%|5%|5%|5%&#8221; border_width_all=&#8221;2px&#8221; border_color_all=&#8221;#ef7d59&#8243;][\/et_pb_gallery][\/et_pb_column][\/et_pb_row][\/et_pb_section][et_pb_section fb_built=&#8221;1&#8243; custom_padding_last_edited=&#8221;on|desktop&#8221; admin_label=&#8221;Features&#8221; _builder_version=&#8221;4.3.2&#8243; background_enable_color=&#8221;off&#8221; background_image=&#8221;https:\/\/camping-les-monts-d-albi.com\/wp-content\/uploads\/2020\/02\/sight-seeing-52.png&#8221; background_size=&#8221;contain&#8221; background_position=&#8221;bottom_center&#8221; custom_padding=&#8221;2px||4px|||&#8221; custom_padding_tablet=&#8221;0px||5vw&#8221; custom_padding_phone=&#8221;&#8221; box_shadow_vertical_tablet=&#8221;&#8221; box_shadow_vertical_phone=&#8221;&#8221; box_shadow_vertical_last_edited=&#8221;on|tablet&#8221;][et_pb_row _builder_version=&#8221;4.3.2&#8243; custom_padding=&#8221;||0px|||&#8221; hover_enabled=&#8221;0&#8243;][et_pb_column type=&#8221;4_4&#8243; _builder_version=&#8221;4.3.2&#8243;][et_pb_text _builder_version=&#8221;4.3.2&#8243; text_font=&#8221;Poppins||||||||&#8221; text_text_color=&#8221;#8c8c8c&#8221; header_font=&#8221;||||||||&#8221; header_2_font=&#8221;Caveat brush|600|||||||&#8221; header_2_text_color=&#8221;#ef7d59&#8243; header_2_font_size=&#8221;42px&#8221; header_2_letter_spacing=&#8221;1px&#8221; header_2_line_height=&#8221;1.2em&#8221; background_layout=&#8221;dark&#8221; max_width_tablet=&#8221;100%&#8221; max_width_last_edited=&#8221;off|desktop&#8221; custom_margin=&#8221;||5%||false|false&#8221; hover_enabled=&#8221;0&#8243; header_2_font_tablet=&#8221;&#8221; header_2_font_phone=&#8221;&#8221; header_2_font_last_edited=&#8221;on|tablet&#8221; header_2_font_size_tablet=&#8221;&#8221; header_2_font_size_phone=&#8221;30px&#8221; header_2_font_size_last_edited=&#8221;on|desktop&#8221;]<\/p>\n<h2 class=\"page-title entry-title\" style=\"text-align: center;\">Patrimoine et mus\u00e9es<\/h2>\n<p class=\"p1\" style=\"text-align: center;\">Splendeurs et \u00e9tonnements ! Toulouse Lautrec bien s\u00fbr, Goya \u00e9videmment. Jean Jaur\u00e8s, Sainte C\u00e9cile ou Vauban\u2026<br \/> Le Tarn est riche de sites et mus\u00e9es prestigieux et incontournables.<\/p>\n<p>[\/et_pb_text][et_pb_gallery gallery_ids=&#8221;2014,2016,2018,2020,2022,2024,2026,2028,2030,2032,2034,2036,2038,2040,2042,2044,2046&#8243; posts_number=&#8221;8&#8243; show_title_and_caption=&#8221;off&#8221; zoom_icon_color=&#8221;#ef7d59&#8243; _builder_version=&#8221;4.3.2&#8243; custom_padding=&#8221;||0px|||&#8221; border_radii=&#8221;on|5%|5%|5%|5%&#8221; border_width_all=&#8221;2px&#8221; border_color_all=&#8221;#ef7d59&#8243;][\/et_pb_gallery][\/et_pb_column][\/et_pb_row][\/et_pb_section]<\/p>\n","protected":false},"excerpt":{"rendered":"<p>D\u00e9couvrir le Tarn en imagesD\u00e9couvrez les villes bastides du Tarn (Albi, Cordes sur ciel&#8230;) &#8211; Camping Les Monts Albi Villes et bastides du Tarn Villages perch\u00e9s, bastides fortifi\u00e9es, cit\u00e9s m\u00e9di\u00e9vales, \u00abnids d\u2019aigle\u00bb\u2026 tous ont une \u00e2me et une atmosph\u00e8re unique. Les villes et villages tarnais racontent l\u2019histoire de ces femmes et hommes au caract\u00e8re bien [&hellip;]<\/p>\n","protected":false},"author":1,"featured_media":0,"parent":220350,"menu_order":0,"comment_status":"closed","ping_status":"closed","template":"","meta":{"_et_pb_use_builder":"on","_et_pb_old_content":"","_et_gb_content_width":"","inline_featured_image":false,"footnotes":""},"class_list":["post-220489","page","type-page","status-publish","hentry"],"yoast_head":"<!-- This site is optimized with the Yoast SEO plugin v27.5 - https:\/\/yoast.com\/product\/yoast-seo-wordpress\/ -->\n<title>Camping 4 \u00e9toiles Les Monts d&#039;Albi - Vacances, le Tarn en image.<\/title>\n<meta name=\"description\" content=\"D\u00e9couvir le Tarn en image - Camping les monts d&#039;Albi 4*** Teillet\" \/>\n<meta name=\"robots\" content=\"index, follow, max-snippet:-1, max-image-preview:large, max-video-preview:-1\" \/>\n<link rel=\"canonical\" href=\"https:\/\/camping-les-monts-d-albi.com\/nl\/toerisme\/decouvrir-le-tarn-en-images\/\" \/>\n<meta property=\"og:locale\" content=\"nl_NL\" \/>\n<meta property=\"og:type\" content=\"article\" \/>\n<meta property=\"og:title\" content=\"Camping 4 \u00e9toiles Les Monts d&#039;Albi - Vacances, le Tarn en image.\" \/>\n<meta property=\"og:description\" content=\"D\u00e9couvir le Tarn en image - Camping les monts d&#039;Albi 4*** Teillet\" \/>\n<meta property=\"og:url\" content=\"https:\/\/camping-les-monts-d-albi.com\/nl\/toerisme\/decouvrir-le-tarn-en-images\/\" \/>\n<meta property=\"og:site_name\" content=\"Camping les Monts d&#039;Albi\" \/>\n<meta property=\"article:modified_time\" content=\"2020-07-20T12:40:47+00:00\" \/>\n<meta name=\"twitter:card\" content=\"summary_large_image\" \/>\n<meta name=\"twitter:label1\" content=\"Geschatte leestijd\" \/>\n\t<meta name=\"twitter:data1\" content=\"6 minuten\" \/>\n<script type=\"application\/ld+json\" class=\"yoast-schema-graph\">{\"@context\":\"https:\\\/\\\/schema.org\",\"@graph\":[{\"@type\":\"WebPage\",\"@id\":\"https:\\\/\\\/camping-les-monts-d-albi.com\\\/nl\\\/toerisme\\\/decouvrir-le-tarn-en-images\\\/\",\"url\":\"https:\\\/\\\/camping-les-monts-d-albi.com\\\/nl\\\/toerisme\\\/decouvrir-le-tarn-en-images\\\/\",\"name\":\"Camping 4 \u00e9toiles Les Monts d'Albi - Vacances, le Tarn en image.\",\"isPartOf\":{\"@id\":\"https:\\\/\\\/camping-les-monts-d-albi.com\\\/#website\"},\"datePublished\":\"2020-07-20T12:40:46+00:00\",\"dateModified\":\"2020-07-20T12:40:47+00:00\",\"description\":\"D\u00e9couvir le Tarn en image - Camping les monts d'Albi 4*** Teillet\",\"breadcrumb\":{\"@id\":\"https:\\\/\\\/camping-les-monts-d-albi.com\\\/nl\\\/toerisme\\\/decouvrir-le-tarn-en-images\\\/#breadcrumb\"},\"inLanguage\":\"nl-NL\",\"potentialAction\":[{\"@type\":\"ReadAction\",\"target\":[\"https:\\\/\\\/camping-les-monts-d-albi.com\\\/nl\\\/toerisme\\\/decouvrir-le-tarn-en-images\\\/\"]}]},{\"@type\":\"BreadcrumbList\",\"@id\":\"https:\\\/\\\/camping-les-monts-d-albi.com\\\/nl\\\/toerisme\\\/decouvrir-le-tarn-en-images\\\/#breadcrumb\",\"itemListElement\":[{\"@type\":\"ListItem\",\"position\":1,\"name\":\"Accueil\",\"item\":\"https:\\\/\\\/camping-les-monts-d-albi.com\\\/\"},{\"@type\":\"ListItem\",\"position\":2,\"name\":\"Toerisme\",\"item\":\"https:\\\/\\\/camping-les-monts-d-albi.com\\\/nl\\\/toerisme\\\/\"},{\"@type\":\"ListItem\",\"position\":3,\"name\":\"D\u00e9couvrir le Tarn en images\"}]},{\"@type\":\"WebSite\",\"@id\":\"https:\\\/\\\/camping-les-monts-d-albi.com\\\/#website\",\"url\":\"https:\\\/\\\/camping-les-monts-d-albi.com\\\/\",\"name\":\"Camping les Monts d&#039;Albi\",\"description\":\"La pause nature en famille\",\"potentialAction\":[{\"@type\":\"SearchAction\",\"target\":{\"@type\":\"EntryPoint\",\"urlTemplate\":\"https:\\\/\\\/camping-les-monts-d-albi.com\\\/?s={search_term_string}\"},\"query-input\":{\"@type\":\"PropertyValueSpecification\",\"valueRequired\":true,\"valueName\":\"search_term_string\"}}],\"inLanguage\":\"nl-NL\"}]}<\/script>\n<!-- \/ Yoast SEO plugin. -->","yoast_head_json":{"title":"Camping 4 \u00e9toiles Les Monts d'Albi - Vacances, le Tarn en image.","description":"D\u00e9couvir le Tarn en image - Camping les monts d'Albi 4*** Teillet","robots":{"index":"index","follow":"follow","max-snippet":"max-snippet:-1","max-image-preview":"max-image-preview:large","max-video-preview":"max-video-preview:-1"},"canonical":"https:\/\/camping-les-monts-d-albi.com\/nl\/toerisme\/decouvrir-le-tarn-en-images\/","og_locale":"nl_NL","og_type":"article","og_title":"Camping 4 \u00e9toiles Les Monts d'Albi - Vacances, le Tarn en image.","og_description":"D\u00e9couvir le Tarn en image - Camping les monts d'Albi 4*** Teillet","og_url":"https:\/\/camping-les-monts-d-albi.com\/nl\/toerisme\/decouvrir-le-tarn-en-images\/","og_site_name":"Camping les Monts d&#039;Albi","article_modified_time":"2020-07-20T12:40:47+00:00","twitter_card":"summary_large_image","twitter_misc":{"Geschatte leestijd":"6 minuten"},"schema":{"@context":"https:\/\/schema.org","@graph":[{"@type":"WebPage","@id":"https:\/\/camping-les-monts-d-albi.com\/nl\/toerisme\/decouvrir-le-tarn-en-images\/","url":"https:\/\/camping-les-monts-d-albi.com\/nl\/toerisme\/decouvrir-le-tarn-en-images\/","name":"Camping 4 \u00e9toiles Les Monts d'Albi - Vacances, le Tarn en image.","isPartOf":{"@id":"https:\/\/camping-les-monts-d-albi.com\/#website"},"datePublished":"2020-07-20T12:40:46+00:00","dateModified":"2020-07-20T12:40:47+00:00","description":"D\u00e9couvir le Tarn en image - Camping les monts d'Albi 4*** Teillet","breadcrumb":{"@id":"https:\/\/camping-les-monts-d-albi.com\/nl\/toerisme\/decouvrir-le-tarn-en-images\/#breadcrumb"},"inLanguage":"nl-NL","potentialAction":[{"@type":"ReadAction","target":["https:\/\/camping-les-monts-d-albi.com\/nl\/toerisme\/decouvrir-le-tarn-en-images\/"]}]},{"@type":"BreadcrumbList","@id":"https:\/\/camping-les-monts-d-albi.com\/nl\/toerisme\/decouvrir-le-tarn-en-images\/#breadcrumb","itemListElement":[{"@type":"ListItem","position":1,"name":"Accueil","item":"https:\/\/camping-les-monts-d-albi.com\/"},{"@type":"ListItem","position":2,"name":"Toerisme","item":"https:\/\/camping-les-monts-d-albi.com\/nl\/toerisme\/"},{"@type":"ListItem","position":3,"name":"D\u00e9couvrir le Tarn en images"}]},{"@type":"WebSite","@id":"https:\/\/camping-les-monts-d-albi.com\/#website","url":"https:\/\/camping-les-monts-d-albi.com\/","name":"Camping les Monts d&#039;Albi","description":"La pause nature en famille","potentialAction":[{"@type":"SearchAction","target":{"@type":"EntryPoint","urlTemplate":"https:\/\/camping-les-monts-d-albi.com\/?s={search_term_string}"},"query-input":{"@type":"PropertyValueSpecification","valueRequired":true,"valueName":"search_term_string"}}],"inLanguage":"nl-NL"}]}},"_links":{"self":[{"href":"https:\/\/camping-les-monts-d-albi.com\/nl\/wp-json\/wp\/v2\/pages\/220489","targetHints":{"allow":["GET"]}}],"collection":[{"href":"https:\/\/camping-les-monts-d-albi.com\/nl\/wp-json\/wp\/v2\/pages"}],"about":[{"href":"https:\/\/camping-les-monts-d-albi.com\/nl\/wp-json\/wp\/v2\/types\/page"}],"author":[{"embeddable":true,"href":"https:\/\/camping-les-monts-d-albi.com\/nl\/wp-json\/wp\/v2\/users\/1"}],"replies":[{"embeddable":true,"href":"https:\/\/camping-les-monts-d-albi.com\/nl\/wp-json\/wp\/v2\/comments?post=220489"}],"version-history":[{"count":0,"href":"https:\/\/camping-les-monts-d-albi.com\/nl\/wp-json\/wp\/v2\/pages\/220489\/revisions"}],"up":[{"embeddable":true,"href":"https:\/\/camping-les-monts-d-albi.com\/nl\/wp-json\/wp\/v2\/pages\/220350"}],"wp:attachment":[{"href":"https:\/\/camping-les-monts-d-albi.com\/nl\/wp-json\/wp\/v2\/media?parent=220489"}],"curies":[{"name":"wp","href":"https:\/\/api.w.org\/{rel}","templated":true}]}}