{"id":220289,"date":"2020-07-08T16:56:03","date_gmt":"2020-07-08T14:56:03","guid":{"rendered":"https:\/\/camping-les-monts-d-albi.com\/de-camping\/tenten-en-caravans\/campers\/"},"modified":"2020-07-08T16:56:06","modified_gmt":"2020-07-08T14:56:06","slug":"campers","status":"publish","type":"page","link":"https:\/\/camping-les-monts-d-albi.com\/nl\/de-camping\/tenten-en-caravans\/campers\/","title":{"rendered":"Campers"},"content":{"rendered":"<p>[et_pb_section fb_built=&#8221;1&#8243; admin_label=&#8221;Header&#8221; _builder_version=&#8221;4.3.2&#8243; use_background_color_gradient=&#8221;on&#8221; background_color_gradient_start=&#8221;rgba(19,50,107,0)&#8221; background_color_gradient_end=&#8221;rgba(19,50,107,0.51)&#8221; background_color_gradient_direction=&#8221;90deg&#8221; background_color_gradient_end_position=&#8221;61%&#8221; background_color_gradient_overlays_image=&#8221;on&#8221; background_image=&#8221;https:\/\/camping-les-monts-d-albi.com\/wp-content\/uploads\/2020\/03\/camping-sauvage-camping-tarn-france-albi-1-1024&#215;683-2.jpg&#8221; background_position=&#8221;bottom_center&#8221; custom_padding=&#8221;||0px|||&#8221; hover_enabled=&#8221;0&#8243; locked=&#8221;off&#8221;][et_pb_row column_structure=&#8221;3_5,2_5&#8243; _builder_version=&#8221;4.3.2&#8243; hover_enabled=&#8221;0&#8243;][et_pb_column type=&#8221;3_5&#8243; _builder_version=&#8221;3.25&#8243; custom_padding=&#8221;|||&#8221; custom_padding__hover=&#8221;|||&#8221;][et_pb_text _builder_version=&#8221;4.3.2&#8243; text_font=&#8221;Lato||||||||&#8221; text_font_size=&#8221;22px&#8221; text_line_height=&#8221;1.8em&#8221; header_font=&#8221;Caveat brush|700|||||||&#8221; header_font_size=&#8221;70px&#8221; header_letter_spacing=&#8221;1px&#8221; header_line_height=&#8221;1.2em&#8221; header_2_font=&#8221;Poppins||||||||&#8221; header_2_font_size=&#8221;22px&#8221; header_2_line_height=&#8221;1.5em&#8221; background_layout=&#8221;dark&#8221; min_height=&#8221;475px&#8221; min_height_tablet=&#8221;&#8221; min_height_phone=&#8221;&#8221; min_height_last_edited=&#8221;on|desktop&#8221; custom_margin=&#8221;|||||false&#8221; custom_padding=&#8221;40px|40px|40px|40px|true|true&#8221; hover_enabled=&#8221;0&#8243; text_font_size_tablet=&#8221;&#8221; text_font_size_phone=&#8221;18px&#8221; text_font_size_last_edited=&#8221;on|phone&#8221; header_font_size_tablet=&#8221;60px&#8221; header_font_size_phone=&#8221;36px&#8221; header_font_size_last_edited=&#8221;on|phone&#8221; border_width_all=&#8221;40px&#8221; border_color_all=&#8221;#1c8c99&#8243; border_width_all_tablet=&#8221;&#8221; border_width_all_phone=&#8221;3px&#8221; border_width_all_last_edited=&#8221;on|desktop&#8221;]<\/p>\n<h1>Campers<\/h1>\n<h2><span>Accueil des camping-cars au Camping Les Monts d&#8217;Albi dans le Tarn.<\/span><\/h2>\n<p>[\/et_pb_text][\/et_pb_column][et_pb_column type=&#8221;2_5&#8243; _builder_version=&#8221;4.3.2&#8243; custom_padding=&#8221;100px||||false|false&#8221; custom_padding_tablet=&#8221;0px||&#8221; custom_padding_phone=&#8221;&#8221; custom_padding_last_edited=&#8221;on|desktop&#8221; hover_enabled=&#8221;0&#8243; custom_padding__hover=&#8221;|||&#8221;][et_pb_blurb title=&#8221;Vrienden camperaars, wees welkom op Camping Les Monts d\u2019Albi.&#8221; use_icon=&#8221;on&#8221; font_icon=&#8221;%%202%%&#8221; icon_color=&#8221;#ffffff&#8221; icon_placement=&#8221;left&#8221; use_icon_font_size=&#8221;on&#8221; icon_font_size=&#8221;26px&#8221; _builder_version=&#8221;4.3.2&#8243; header_font=&#8221;Poppins||||||||&#8221; header_font_size=&#8221;16px&#8221; header_line_height=&#8221;1.4em&#8221; background_layout=&#8221;dark&#8221; custom_margin=&#8221;||8px&#8221; animation=&#8221;off&#8221; hover_enabled=&#8221;0&#8243;][\/et_pb_blurb][et_pb_blurb title=&#8221;Nieuw dit jaar: elektrische fietsen te huur om Albi en de omgeving te bezoeken, zonder extra-inspanning.&#8221; use_icon=&#8221;on&#8221; font_icon=&#8221;%%202%%&#8221; icon_color=&#8221;#ffffff&#8221; icon_placement=&#8221;left&#8221; use_icon_font_size=&#8221;on&#8221; icon_font_size=&#8221;26px&#8221; _builder_version=&#8221;4.3.2&#8243; header_font=&#8221;Poppins||||||||&#8221; header_font_size=&#8221;16px&#8221; header_line_height=&#8221;1.4em&#8221; background_layout=&#8221;dark&#8221; custom_margin=&#8221;||8px&#8221; animation=&#8221;off&#8221; hover_enabled=&#8221;0&#8243;][\/et_pb_blurb][et_pb_blurb title=&#8221;Onze camperserviceplaats is voor u ter beschikking van 1 april tot 30 september.&#8221; use_icon=&#8221;on&#8221; font_icon=&#8221;%%202%%&#8221; icon_color=&#8221;#ffffff&#8221; icon_placement=&#8221;left&#8221; use_icon_font_size=&#8221;on&#8221; icon_font_size=&#8221;26px&#8221; _builder_version=&#8221;4.3.2&#8243; header_font=&#8221;Poppins||||||||&#8221; header_font_size=&#8221;16px&#8221; header_line_height=&#8221;1.4em&#8221; background_layout=&#8221;dark&#8221; custom_margin=&#8221;||8px&#8221; animation=&#8221;off&#8221; hover_enabled=&#8221;0&#8243;][\/et_pb_blurb][\/et_pb_column][\/et_pb_row][et_pb_row _builder_version=&#8221;3.25&#8243; width=&#8221;100%&#8221; max_width=&#8221;none&#8221; custom_padding=&#8221;0px||1px|||&#8221;][et_pb_column type=&#8221;4_4&#8243; _builder_version=&#8221;3.25&#8243; custom_padding=&#8221;|||&#8221; custom_padding__hover=&#8221;|||&#8221;][et_pb_image src=&#8221;https:\/\/camping-les-monts-d-albi.com\/wp-content\/uploads\/2020\/02\/sight-seeing-52.png&#8221; force_fullwidth=&#8221;on&#8221; _builder_version=&#8221;3.24&#8243; custom_margin=&#8221;-9vw||-1px||false|&#8221; custom_margin_tablet=&#8221;0vw|||&#8221; custom_margin_phone=&#8221;&#8221; custom_margin_last_edited=&#8221;on|desktop&#8221;][\/et_pb_image][\/et_pb_column][\/et_pb_row][\/et_pb_section][et_pb_section fb_built=&#8221;1&#8243; _builder_version=&#8221;4.3.2&#8243;][et_pb_row _builder_version=&#8221;4.3.2&#8243;][et_pb_column type=&#8221;4_4&#8243; _builder_version=&#8221;4.3.2&#8243;][et_pb_4divi_masonry_gallery gallery_ids=&#8221;219548,219551,219554,219557&#8243; gallery_columns=&#8221;6&#8243; show_title_and_caption=&#8221;off&#8221; zoom_icon_color=&#8221;#1c8c99&#8243; hover_overlay_color=&#8221;rgba(255,255,255,0.9)&#8221; _builder_version=&#8221;4.3.2&#8243; hover_enabled=&#8221;0&#8243; border_width_all=&#8221;1px&#8221; border_color_all=&#8221;#ffffff&#8221;][\/et_pb_4divi_masonry_gallery][\/et_pb_column][\/et_pb_row][\/et_pb_section][et_pb_section fb_built=&#8221;1&#8243; admin_label=&#8221;reservation&#8221; _builder_version=&#8221;4.3.2&#8243; custom_css_main_element=&#8221;padding-top: 0px !important;||padding-bottom: 0px!important;||height: 0px!important;&#8221; global_module=&#8221;219026&#8243; saved_tabs=&#8221;all&#8221;][et_pb_row _builder_version=&#8221;4.3.2&#8243;][et_pb_column type=&#8221;4_4&#8243; _builder_version=&#8221;4.3.2&#8243;][et_pb_code admin_label=&#8221;shortcode bouton reservation&#8221; _builder_version=&#8221;4.3.2&#8243;]<div id=\"hippocamp-search-widget-container\" data-user-id=\"7210\" data-language=\"auto\" data-jquery=\"3.2.1\"><\/div>[\/et_pb_code][\/et_pb_column][\/et_pb_row][\/et_pb_section]<\/p>\n","protected":false},"excerpt":{"rendered":"<p>Campers Accueil des camping-cars au Camping Les Monts d&#8217;Albi dans le Tarn.<div id=\"hippocamp-search-widget-container\" data-user-id=\"7210\" data-language=\"auto\" data-jquery=\"3.2.1\"><\/div><\/p>\n","protected":false},"author":1,"featured_media":0,"parent":220284,"menu_order":0,"comment_status":"closed","ping_status":"closed","template":"","meta":{"_et_pb_use_builder":"on","_et_pb_old_content":"","_et_gb_content_width":"","inline_featured_image":false,"footnotes":""},"class_list":["post-220289","page","type-page","status-publish","hentry"],"yoast_head":"<!-- This site is optimized with the Yoast SEO plugin v27.5 - https:\/\/yoast.com\/product\/yoast-seo-wordpress\/ -->\n<title>Camping 4 \u00e9toiles Les Monts d&#039;Albi - Tarn - Camping-cars &amp; caravanes<\/title>\n<meta name=\"description\" content=\"De d\u00e9but avril \u00e0 fin septembre, disposez de notre aire pour vos vacances en camping-cars. Grands emplacements ombrag\u00e9s et \u00e9quip\u00e9s de sanitaires.\" \/>\n<meta name=\"robots\" content=\"index, follow, max-snippet:-1, max-image-preview:large, max-video-preview:-1\" \/>\n<link rel=\"canonical\" href=\"https:\/\/camping-les-monts-d-albi.com\/nl\/de-camping\/tenten-en-caravans\/campers\/\" \/>\n<meta property=\"og:locale\" content=\"nl_NL\" \/>\n<meta property=\"og:type\" content=\"article\" \/>\n<meta property=\"og:title\" content=\"Camping 4 \u00e9toiles Les Monts d&#039;Albi - Tarn - Camping-cars &amp; caravanes\" \/>\n<meta property=\"og:description\" content=\"De d\u00e9but avril \u00e0 fin septembre, disposez de notre aire pour vos vacances en camping-cars. Grands emplacements ombrag\u00e9s et \u00e9quip\u00e9s de sanitaires.\" \/>\n<meta property=\"og:url\" content=\"https:\/\/camping-les-monts-d-albi.com\/nl\/de-camping\/tenten-en-caravans\/campers\/\" \/>\n<meta property=\"og:site_name\" content=\"Camping les Monts d&#039;Albi\" \/>\n<meta property=\"article:modified_time\" content=\"2020-07-08T14:56:06+00:00\" \/>\n<meta name=\"twitter:card\" content=\"summary_large_image\" \/>\n<meta name=\"twitter:label1\" content=\"Geschatte leestijd\" \/>\n\t<meta name=\"twitter:data1\" content=\"3 minuten\" \/>\n<script type=\"application\/ld+json\" class=\"yoast-schema-graph\">{\"@context\":\"https:\\\/\\\/schema.org\",\"@graph\":[{\"@type\":\"WebPage\",\"@id\":\"https:\\\/\\\/camping-les-monts-d-albi.com\\\/nl\\\/de-camping\\\/tenten-en-caravans\\\/campers\\\/\",\"url\":\"https:\\\/\\\/camping-les-monts-d-albi.com\\\/nl\\\/de-camping\\\/tenten-en-caravans\\\/campers\\\/\",\"name\":\"Camping 4 \u00e9toiles Les Monts d'Albi - Tarn - Camping-cars & caravanes\",\"isPartOf\":{\"@id\":\"https:\\\/\\\/camping-les-monts-d-albi.com\\\/#website\"},\"datePublished\":\"2020-07-08T14:56:03+00:00\",\"dateModified\":\"2020-07-08T14:56:06+00:00\",\"description\":\"De d\u00e9but avril \u00e0 fin septembre, disposez de notre aire pour vos vacances en camping-cars. Grands emplacements ombrag\u00e9s et \u00e9quip\u00e9s de sanitaires.\",\"breadcrumb\":{\"@id\":\"https:\\\/\\\/camping-les-monts-d-albi.com\\\/nl\\\/de-camping\\\/tenten-en-caravans\\\/campers\\\/#breadcrumb\"},\"inLanguage\":\"nl-NL\",\"potentialAction\":[{\"@type\":\"ReadAction\",\"target\":[\"https:\\\/\\\/camping-les-monts-d-albi.com\\\/nl\\\/de-camping\\\/tenten-en-caravans\\\/campers\\\/\"]}]},{\"@type\":\"BreadcrumbList\",\"@id\":\"https:\\\/\\\/camping-les-monts-d-albi.com\\\/nl\\\/de-camping\\\/tenten-en-caravans\\\/campers\\\/#breadcrumb\",\"itemListElement\":[{\"@type\":\"ListItem\",\"position\":1,\"name\":\"Accueil\",\"item\":\"https:\\\/\\\/camping-les-monts-d-albi.com\\\/\"},{\"@type\":\"ListItem\",\"position\":2,\"name\":\"De camping\",\"item\":\"https:\\\/\\\/camping-les-monts-d-albi.com\\\/nl\\\/de-camping\\\/\"},{\"@type\":\"ListItem\",\"position\":3,\"name\":\"Tenten en caravans\",\"item\":\"https:\\\/\\\/camping-les-monts-d-albi.com\\\/nl\\\/de-camping\\\/tenten-en-caravans\\\/\"},{\"@type\":\"ListItem\",\"position\":4,\"name\":\"Campers\"}]},{\"@type\":\"WebSite\",\"@id\":\"https:\\\/\\\/camping-les-monts-d-albi.com\\\/#website\",\"url\":\"https:\\\/\\\/camping-les-monts-d-albi.com\\\/\",\"name\":\"Camping les Monts d&#039;Albi\",\"description\":\"La pause nature en famille\",\"potentialAction\":[{\"@type\":\"SearchAction\",\"target\":{\"@type\":\"EntryPoint\",\"urlTemplate\":\"https:\\\/\\\/camping-les-monts-d-albi.com\\\/?s={search_term_string}\"},\"query-input\":{\"@type\":\"PropertyValueSpecification\",\"valueRequired\":true,\"valueName\":\"search_term_string\"}}],\"inLanguage\":\"nl-NL\"}]}<\/script>\n<!-- \/ Yoast SEO plugin. -->","yoast_head_json":{"title":"Camping 4 \u00e9toiles Les Monts d'Albi - Tarn - Camping-cars & caravanes","description":"De d\u00e9but avril \u00e0 fin septembre, disposez de notre aire pour vos vacances en camping-cars. Grands emplacements ombrag\u00e9s et \u00e9quip\u00e9s de sanitaires.","robots":{"index":"index","follow":"follow","max-snippet":"max-snippet:-1","max-image-preview":"max-image-preview:large","max-video-preview":"max-video-preview:-1"},"canonical":"https:\/\/camping-les-monts-d-albi.com\/nl\/de-camping\/tenten-en-caravans\/campers\/","og_locale":"nl_NL","og_type":"article","og_title":"Camping 4 \u00e9toiles Les Monts d'Albi - Tarn - Camping-cars & caravanes","og_description":"De d\u00e9but avril \u00e0 fin septembre, disposez de notre aire pour vos vacances en camping-cars. Grands emplacements ombrag\u00e9s et \u00e9quip\u00e9s de sanitaires.","og_url":"https:\/\/camping-les-monts-d-albi.com\/nl\/de-camping\/tenten-en-caravans\/campers\/","og_site_name":"Camping les Monts d&#039;Albi","article_modified_time":"2020-07-08T14:56:06+00:00","twitter_card":"summary_large_image","twitter_misc":{"Geschatte leestijd":"3 minuten"},"schema":{"@context":"https:\/\/schema.org","@graph":[{"@type":"WebPage","@id":"https:\/\/camping-les-monts-d-albi.com\/nl\/de-camping\/tenten-en-caravans\/campers\/","url":"https:\/\/camping-les-monts-d-albi.com\/nl\/de-camping\/tenten-en-caravans\/campers\/","name":"Camping 4 \u00e9toiles Les Monts d'Albi - Tarn - Camping-cars & caravanes","isPartOf":{"@id":"https:\/\/camping-les-monts-d-albi.com\/#website"},"datePublished":"2020-07-08T14:56:03+00:00","dateModified":"2020-07-08T14:56:06+00:00","description":"De d\u00e9but avril \u00e0 fin septembre, disposez de notre aire pour vos vacances en camping-cars. Grands emplacements ombrag\u00e9s et \u00e9quip\u00e9s de sanitaires.","breadcrumb":{"@id":"https:\/\/camping-les-monts-d-albi.com\/nl\/de-camping\/tenten-en-caravans\/campers\/#breadcrumb"},"inLanguage":"nl-NL","potentialAction":[{"@type":"ReadAction","target":["https:\/\/camping-les-monts-d-albi.com\/nl\/de-camping\/tenten-en-caravans\/campers\/"]}]},{"@type":"BreadcrumbList","@id":"https:\/\/camping-les-monts-d-albi.com\/nl\/de-camping\/tenten-en-caravans\/campers\/#breadcrumb","itemListElement":[{"@type":"ListItem","position":1,"name":"Accueil","item":"https:\/\/camping-les-monts-d-albi.com\/"},{"@type":"ListItem","position":2,"name":"De camping","item":"https:\/\/camping-les-monts-d-albi.com\/nl\/de-camping\/"},{"@type":"ListItem","position":3,"name":"Tenten en caravans","item":"https:\/\/camping-les-monts-d-albi.com\/nl\/de-camping\/tenten-en-caravans\/"},{"@type":"ListItem","position":4,"name":"Campers"}]},{"@type":"WebSite","@id":"https:\/\/camping-les-monts-d-albi.com\/#website","url":"https:\/\/camping-les-monts-d-albi.com\/","name":"Camping les Monts d&#039;Albi","description":"La pause nature en famille","potentialAction":[{"@type":"SearchAction","target":{"@type":"EntryPoint","urlTemplate":"https:\/\/camping-les-monts-d-albi.com\/?s={search_term_string}"},"query-input":{"@type":"PropertyValueSpecification","valueRequired":true,"valueName":"search_term_string"}}],"inLanguage":"nl-NL"}]}},"_links":{"self":[{"href":"https:\/\/camping-les-monts-d-albi.com\/nl\/wp-json\/wp\/v2\/pages\/220289","targetHints":{"allow":["GET"]}}],"collection":[{"href":"https:\/\/camping-les-monts-d-albi.com\/nl\/wp-json\/wp\/v2\/pages"}],"about":[{"href":"https:\/\/camping-les-monts-d-albi.com\/nl\/wp-json\/wp\/v2\/types\/page"}],"author":[{"embeddable":true,"href":"https:\/\/camping-les-monts-d-albi.com\/nl\/wp-json\/wp\/v2\/users\/1"}],"replies":[{"embeddable":true,"href":"https:\/\/camping-les-monts-d-albi.com\/nl\/wp-json\/wp\/v2\/comments?post=220289"}],"version-history":[{"count":0,"href":"https:\/\/camping-les-monts-d-albi.com\/nl\/wp-json\/wp\/v2\/pages\/220289\/revisions"}],"up":[{"embeddable":true,"href":"https:\/\/camping-les-monts-d-albi.com\/nl\/wp-json\/wp\/v2\/pages\/220284"}],"wp:attachment":[{"href":"https:\/\/camping-les-monts-d-albi.com\/nl\/wp-json\/wp\/v2\/media?parent=220289"}],"curies":[{"name":"wp","href":"https:\/\/api.w.org\/{rel}","templated":true}]}}