{"id":220265,"date":"2020-07-08T15:29:52","date_gmt":"2020-07-08T13:29:52","guid":{"rendered":"https:\/\/camping-les-monts-d-albi.com\/de-camping\/bungalows\/gemeubelde-canvas-bungalows-4-6-personen\/"},"modified":"2020-07-21T11:13:03","modified_gmt":"2020-07-21T09:13:03","slug":"gemeubelde-canvas-bungalows-4-6-personen","status":"publish","type":"page","link":"https:\/\/camping-les-monts-d-albi.com\/nl\/de-camping\/bungalows\/gemeubelde-canvas-bungalows-4-6-personen\/","title":{"rendered":"Gemeubelde canvas bungalows 4\/6 personen"},"content":{"rendered":"<p>[et_pb_section fb_built=&#8221;1&#8243; _builder_version=&#8221;4.3.2&#8243; background_image=&#8221;https:\/\/camping-les-monts-d-albi.com\/wp-content\/uploads\/2020\/02\/enfants-hamac-camping-familial-tourisme.jpg&#8221; custom_padding=&#8221;||103px|||&#8221;][et_pb_row _builder_version=&#8221;4.3.2&#8243;][et_pb_column type=&#8221;4_4&#8243; _builder_version=&#8221;4.3.2&#8243;][et_pb_text _builder_version=&#8221;4.3.2&#8243; text_font=&#8221;Lato||||||||&#8221; text_font_size=&#8221;18px&#8221; text_line_height=&#8221;1.8em&#8221; header_font=&#8221;Caveat brush|600|||||||&#8221; header_text_color=&#8221;#1c8c99&#8243; header_font_size=&#8221;50px&#8221; header_letter_spacing=&#8221;2px&#8221; header_2_font=&#8221;Caveat brush|700|||||||&#8221; header_2_text_color=&#8221;#1c8c99&#8243; header_2_font_size=&#8221;55px&#8221; header_2_line_height=&#8221;1.2em&#8221; background_layout=&#8221;dark&#8221; max_width_tablet=&#8221;100%&#8221; max_width_last_edited=&#8221;off|desktop&#8221; custom_margin=&#8221;||1px|||&#8221; custom_padding=&#8221;||0px|||&#8221; header_2_font_tablet=&#8221;&#8221; header_2_font_phone=&#8221;&#8221; header_2_font_last_edited=&#8221;on|tablet&#8221; header_2_font_size_tablet=&#8221;40px&#8221; header_2_font_size_phone=&#8221;30px&#8221; header_2_font_size_last_edited=&#8221;on|phone&#8221; header_text_shadow_style=&#8221;preset1&#8243; header_text_shadow_color=&#8221;#ffffff&#8221; header_2_text_shadow_style=&#8221;preset1&#8243; header_2_text_shadow_vertical_length=&#8221;0.08em&#8221; header_2_text_shadow_color=&#8221;#ffffff&#8221;]<\/p>\n<h1 style=\"text-align: center\">Gemeubelde canvas bungalows<\/h1>\n<p>[\/et_pb_text][\/et_pb_column][\/et_pb_row][\/et_pb_section][et_pb_section fb_built=&#8221;1&#8243; custom_padding_last_edited=&#8221;on|desktop&#8221; admin_label=&#8221;Features&#8221; _builder_version=&#8221;4.3.2&#8243; background_enable_color=&#8221;off&#8221; background_image=&#8221;https:\/\/camping-les-monts-d-albi.com\/wp-content\/uploads\/2020\/02\/sight-seeing-52.png&#8221; background_size=&#8221;contain&#8221; background_position=&#8221;bottom_center&#8221; custom_padding=&#8221;||0px|||&#8221; custom_padding_tablet=&#8221;0px||5vw&#8221; custom_padding_phone=&#8221;&#8221; box_shadow_vertical_tablet=&#8221;&#8221; box_shadow_vertical_phone=&#8221;&#8221; box_shadow_vertical_last_edited=&#8221;on|tablet&#8221;][et_pb_row column_structure=&#8221;1_2,1_2&#8243; custom_padding_last_edited=&#8221;on|desktop&#8221; padding_top_bottom_link_2=&#8221;true&#8221; _builder_version=&#8221;4.3.2&#8243; width=&#8221;100%&#8221; max_width=&#8221;1210px&#8221; custom_margin=&#8221;||0px||false|false&#8221; custom_margin_tablet=&#8221;||0px||false|false&#8221; custom_margin_phone=&#8221;||0px||false|false&#8221; custom_margin_last_edited=&#8221;on|phone&#8221; custom_padding=&#8221;18px||0px|||&#8221; custom_padding_tablet=&#8221;||0px||false|false&#8221; custom_padding_phone=&#8221;||0px||false|false&#8221;][et_pb_column type=&#8221;1_2&#8243; _builder_version=&#8221;4.3.2&#8243; custom_padding=&#8221;|||&#8221; custom_padding__hover=&#8221;|||&#8221;][et_pb_image src=&#8221;https:\/\/camping-les-monts-d-albi.com\/wp-content\/uploads\/2020\/02\/bungalow-camping-sauvage-albi.jpg&#8221; _builder_version=&#8221;4.3.2&#8243; width=&#8221;84%&#8221; max_width_tablet=&#8221;400px&#8221; max_width_phone=&#8221;&#8221; max_width_last_edited=&#8221;on|desktop&#8221; module_alignment=&#8221;center&#8221; custom_margin=&#8221;-33px||||false|false&#8221; custom_margin_tablet=&#8221;-60px||0px|0vw&#8221; custom_margin_phone=&#8221;&#8221; custom_margin_last_edited=&#8221;on|desktop&#8221; border_width_all=&#8221;30px&#8221; border_color_all=&#8221;#ffffff&#8221; box_shadow_style=&#8221;preset3&#8243; box_shadow_horizontal=&#8221;5px&#8221; box_shadow_vertical=&#8221;25px&#8221; box_shadow_blur=&#8221;105px&#8221; box_shadow_spread=&#8221;-30px&#8221; box_shadow_color=&#8221;rgba(0,0,0,0.25)&#8221;][\/et_pb_image][\/et_pb_column][et_pb_column type=&#8221;1_2&#8243; _builder_version=&#8221;4.3.2&#8243; background_color=&#8221;rgba(0,0,0,0)&#8221; custom_padding=&#8221;0px|20px|25px|20px|false|true&#8221; custom_padding_tablet=&#8221;0px||100px|15px|false|false&#8221; custom_padding_phone=&#8221;|15px||15px|false|true&#8221; custom_padding_last_edited=&#8221;on|phone&#8221; custom_padding__hover=&#8221;|||&#8221;][et_pb_text _builder_version=&#8221;4.3.2&#8243; text_font=&#8221;Poppins||||||||&#8221; text_text_color=&#8221;#8c8c8c&#8221; text_font_size=&#8221;16px&#8221; header_font=&#8221;||||||||&#8221; header_2_font=&#8221;PT Serif|700|||||||&#8221; header_2_font_size=&#8221;42px&#8221; header_2_line_height=&#8221;1.2em&#8221; background_layout=&#8221;dark&#8221; max_width_tablet=&#8221;100%&#8221; max_width_last_edited=&#8221;off|desktop&#8221; custom_margin=&#8221;-22px||27px|||&#8221; header_2_font_tablet=&#8221;&#8221; header_2_font_phone=&#8221;&#8221; header_2_font_last_edited=&#8221;on|tablet&#8221; header_2_font_size_tablet=&#8221;&#8221; header_2_font_size_phone=&#8221;30px&#8221; header_2_font_size_last_edited=&#8221;on|desktop&#8221;]<\/p>\n<p><span>Ontdek <\/span><strong> het echte kamperen, met wat extra comfort<\/strong><span>.<\/span><\/p>\n<p><span>Deze <strong> ruime tenten<\/strong> hebben een kookhoek, een terras met tuinstel, een uitgeruste keuken (servies en bestek, ijskast, twee kookplaten).<\/span><\/p>\n<p>[\/et_pb_text][et_pb_blurb title=&#8221;FUNFLOWER 4\/6 personen&#8221; use_icon=&#8221;on&#8221; font_icon=&#8221;%%49%%&#8221; icon_color=&#8221;#f7a42e&#8221; icon_placement=&#8221;left&#8221; content_max_width=&#8221;1100px&#8221; use_icon_font_size=&#8221;on&#8221; icon_font_size=&#8221;26px&#8221; _builder_version=&#8221;4.3.2&#8243; header_font=&#8221;Lato||||||||&#8221; header_text_color=&#8221;#1c8c99&#8243; header_font_size=&#8221;18px&#8221; header_line_height=&#8221;1.4em&#8221; background_layout=&#8221;dark&#8221; custom_margin=&#8221;||8px&#8221; animation=&#8221;off&#8221; locked=&#8221;off&#8221;][\/et_pb_blurb][et_pb_blurb title=&#8221;kamer met groot bed 140 cm&#8221; use_icon=&#8221;on&#8221; font_icon=&#8221;%%49%%&#8221; icon_color=&#8221;#f7a42e&#8221; icon_placement=&#8221;left&#8221; content_max_width=&#8221;1100px&#8221; use_icon_font_size=&#8221;on&#8221; icon_font_size=&#8221;26px&#8221; _builder_version=&#8221;4.3.2&#8243; header_font=&#8221;Lato||||||||&#8221; header_text_color=&#8221;#1c8c99&#8243; header_font_size=&#8221;18px&#8221; header_line_height=&#8221;1.4em&#8221; background_layout=&#8221;dark&#8221; custom_margin=&#8221;||8px&#8221; animation=&#8221;off&#8221; locked=&#8221;off&#8221;][\/et_pb_blurb][et_pb_blurb title=&#8221;kamer met twee bedden 80 cm&#8221; use_icon=&#8221;on&#8221; font_icon=&#8221;%%49%%&#8221; icon_color=&#8221;#f7a42e&#8221; icon_placement=&#8221;left&#8221; content_max_width=&#8221;1100px&#8221; use_icon_font_size=&#8221;on&#8221; icon_font_size=&#8221;26px&#8221; _builder_version=&#8221;4.3.2&#8243; header_font=&#8221;Lato||||||||&#8221; header_text_color=&#8221;#1c8c99&#8243; header_font_size=&#8221;18px&#8221; header_line_height=&#8221;1.4em&#8221; background_layout=&#8221;dark&#8221; custom_margin=&#8221;||8px&#8221; animation=&#8221;off&#8221; locked=&#8221;off&#8221;][\/et_pb_blurb][et_pb_blurb title=&#8221;een slaapbank&#8221; use_icon=&#8221;on&#8221; font_icon=&#8221;%%49%%&#8221; icon_color=&#8221;#f7a42e&#8221; icon_placement=&#8221;left&#8221; content_max_width=&#8221;1100px&#8221; use_icon_font_size=&#8221;on&#8221; icon_font_size=&#8221;26px&#8221; _builder_version=&#8221;4.3.2&#8243; header_font=&#8221;Lato||||||||&#8221; header_text_color=&#8221;#1c8c99&#8243; header_font_size=&#8221;18px&#8221; header_line_height=&#8221;1.4em&#8221; background_layout=&#8221;dark&#8221; custom_margin=&#8221;||8px&#8221; animation=&#8221;off&#8221; locked=&#8221;off&#8221;][\/et_pb_blurb][et_pb_blurb title=&#8221;slaapkamerramen met muggengaas&#8221; use_icon=&#8221;on&#8221; font_icon=&#8221;%%49%%&#8221; icon_color=&#8221;#f7a42e&#8221; icon_placement=&#8221;left&#8221; content_max_width=&#8221;1100px&#8221; use_icon_font_size=&#8221;on&#8221; icon_font_size=&#8221;26px&#8221; _builder_version=&#8221;4.3.2&#8243; header_font=&#8221;Lato||||||||&#8221; header_text_color=&#8221;#1c8c99&#8243; header_font_size=&#8221;18px&#8221; header_line_height=&#8221;1.4em&#8221; body_text_color=&#8221;#1c8c99&#8243; body_line_height=&#8221;1em&#8221; background_layout=&#8221;dark&#8221; custom_margin=&#8221;||8px&#8221; animation=&#8221;off&#8221; locked=&#8221;off&#8221;][\/et_pb_blurb][et_pb_blurb title=&#8221;geen sanitair&#8221; use_icon=&#8221;on&#8221; font_icon=&#8221;%%49%%&#8221; icon_color=&#8221;#f7a42e&#8221; icon_placement=&#8221;left&#8221; content_max_width=&#8221;1100px&#8221; use_icon_font_size=&#8221;on&#8221; icon_font_size=&#8221;26px&#8221; _builder_version=&#8221;4.3.2&#8243; header_font=&#8221;Lato||||||||&#8221; header_text_color=&#8221;#1c8c99&#8243; header_font_size=&#8221;18px&#8221; header_line_height=&#8221;1.4em&#8221; background_layout=&#8221;dark&#8221; custom_margin=&#8221;||8px&#8221; custom_padding=&#8221;0px|||||&#8221; animation=&#8221;off&#8221; locked=&#8221;off&#8221;][\/et_pb_blurb][et_pb_button button_url=&#8221;https:\/\/camping-les-monts-d-albi.com\/wp-content\/uploads\/2020\/03\/descriptif-locatifs-emplacements.pdf&#8221; url_new_window=&#8221;on&#8221; button_text=&#8221;\u00e9quipement complet&#8221; button_alignment=&#8221;center&#8221; _builder_version=&#8221;4.3.2&#8243; custom_button=&#8221;on&#8221; button_text_size=&#8221;12px&#8221; button_text_color=&#8221;#ffffff&#8221; button_bg_color=&#8221;#1c8c99&#8243; button_border_color=&#8221;rgba(0,0,0,0)&#8221; button_border_radius=&#8221;0px&#8221; button_letter_spacing=&#8221;2px&#8221; button_font=&#8221;Futura bold italic|700||on|||||&#8221; button_icon=&#8221;%%3%%&#8221; custom_margin=&#8221;2.5%||||false|false&#8221; custom_padding=&#8221;7px|23px|7px|23px|true|true&#8221; box_shadow_style=&#8221;preset3&#8243; box_shadow_color=&#8221;rgba(0,0,0,0.12)&#8221; locked=&#8221;off&#8221;][\/et_pb_button][et_pb_image src=&#8221;https:\/\/camping-les-monts-d-albi.com\/wp-content\/uploads\/2020\/03\/plan-bungalow-camping-monts-albi.jpg&#8221; align=&#8221;center&#8221; _builder_version=&#8221;4.3.2&#8243; width=&#8221;65%&#8221; custom_margin=&#8221;||0px||false|false&#8221; custom_padding=&#8221;||0px||false|false&#8221; border_width_all=&#8221;1px&#8221; border_color_all=&#8221;#1c8c99&#8243;][\/et_pb_image][\/et_pb_column][\/et_pb_row][et_pb_row custom_padding_last_edited=&#8221;on|desktop&#8221; _builder_version=&#8221;4.3.2&#8243; custom_margin=&#8221;-0.4%|auto||auto|false|false&#8221; custom_margin_tablet=&#8221;0%||||false|false&#8221; custom_margin_phone=&#8221;0%||||false|false&#8221; custom_margin_last_edited=&#8221;on|phone&#8221; custom_padding=&#8221;0px||0px|||&#8221; custom_padding_tablet=&#8221;0px||||false|false&#8221; custom_padding_phone=&#8221;0px||||false|false&#8221;][et_pb_column type=&#8221;4_4&#8243; _builder_version=&#8221;4.3.2&#8243;][et_pb_4divi_masonry_gallery gallery_ids=&#8221;962,963,964&#8243; gallery_columns=&#8221;4&#8243; show_title_and_caption=&#8221;off&#8221; zoom_icon_color=&#8221;#1c8c99&#8243; hover_overlay_color=&#8221;rgba(255,255,255,0.9)&#8221; _builder_version=&#8221;4.3.2&#8243; custom_margin=&#8221;||0px||false|false&#8221; custom_margin_tablet=&#8221;&#8221; custom_margin_phone=&#8221;0px||||false|false&#8221; custom_margin_last_edited=&#8221;on|phone&#8221; custom_padding=&#8221;||0px||false|false&#8221; custom_padding_tablet=&#8221;&#8221; custom_padding_phone=&#8221;0px||||false|false&#8221; custom_padding_last_edited=&#8221;on|desktop&#8221; border_width_all=&#8221;1px&#8221; border_color_all=&#8221;#ffffff&#8221;][\/et_pb_4divi_masonry_gallery][et_pb_4divi_masonry_gallery gallery_ids=&#8221;965,219741&#8243; gallery_columns=&#8221;2&#8243; show_title_and_caption=&#8221;off&#8221; zoom_icon_color=&#8221;#1c8c99&#8243; hover_overlay_color=&#8221;rgba(255,255,255,0.9)&#8221; _builder_version=&#8221;4.3.2&#8243; custom_margin=&#8221;||0px||false|false&#8221; custom_margin_tablet=&#8221;&#8221; custom_margin_phone=&#8221;0px||||false|false&#8221; custom_margin_last_edited=&#8221;on|phone&#8221; custom_padding=&#8221;||0px||false|false&#8221; custom_padding_tablet=&#8221;&#8221; custom_padding_phone=&#8221;0px||||false|false&#8221; custom_padding_last_edited=&#8221;on|desktop&#8221; border_width_all=&#8221;1px&#8221; border_color_all=&#8221;#ffffff&#8221;][\/et_pb_4divi_masonry_gallery][\/et_pb_column][\/et_pb_row][\/et_pb_section][et_pb_section fb_built=&#8221;1&#8243; admin_label=&#8221;reservation&#8221; module_class=&#8221;section_reservation&#8221; _builder_version=&#8221;4.3.2&#8243; custom_css_main_element=&#8221;padding-top: 0px !important;||padding-bottom: 0px!important;||height: 0px!important;&#8221; global_module=&#8221;219026&#8243; saved_tabs=&#8221;all&#8221;][et_pb_row _builder_version=&#8221;4.3.2&#8243;][et_pb_column type=&#8221;4_4&#8243; _builder_version=&#8221;4.3.2&#8243;][et_pb_code admin_label=&#8221;shortcode bouton reservation&#8221; _builder_version=&#8221;4.3.2&#8243;]<div id=\"hippocamp-search-widget-container\" data-user-id=\"7210\" data-language=\"auto\" data-jquery=\"3.2.1\"><\/div>[\/et_pb_code][\/et_pb_column][\/et_pb_row][et_pb_row disabled_on=&#8221;off|off|off&#8221; _builder_version=&#8221;4.4.7&#8243;][et_pb_column type=&#8221;4_4&#8243; _builder_version=&#8221;4.3.2&#8243;][et_pb_code admin_label=&#8221;shortcode bouton covid&#8221; _builder_version=&#8221;4.4.8&#8243;]<a id=\"covid_button\" href=\"https:\/\/camping-les-monts-d-albi.com\/nl\/2020\/07\/09\/actions-speciales-covid-19-suite-a-louverture-du-2-juin\/\" rel=\"noopener noreferrer\">covid-19<\/a>[\/et_pb_code][\/et_pb_column][\/et_pb_row][\/et_pb_section][et_pb_section fb_built=&#8221;1&#8243; admin_label=&#8221;Tarif et disponibilites \/ promotion&#8221; _builder_version=&#8221;4.3.2&#8243; custom_padding=&#8221;8px||0px|||&#8221; global_module=&#8221;218756&#8243; saved_tabs=&#8221;all&#8221;][et_pb_row _builder_version=&#8221;3.25&#8243; custom_padding=&#8221;1px|||||&#8221; locked=&#8221;off&#8221;][et_pb_column type=&#8221;4_4&#8243; _builder_version=&#8221;3.25&#8243; custom_padding=&#8221;|||&#8221; custom_padding__hover=&#8221;|||&#8221;][et_pb_text admin_label=&#8221;titre&#8221; _builder_version=&#8221;4.3.2&#8243; text_font=&#8221;||||||||&#8221; header_font=&#8221;||||||||&#8221; header_2_font=&#8221;Caveat brush|700|||||||&#8221; header_2_text_color=&#8221;#1c8c99&#8243; header_2_font_size=&#8221;45px&#8221; header_2_line_height=&#8221;1.2em&#8221; custom_margin=&#8221;||15px&#8221; header_2_font_size_tablet=&#8221;40px&#8221; header_2_font_size_phone=&#8221;30px&#8221; header_2_font_size_last_edited=&#8221;on|phone&#8221;]<\/p>\n<h2>Tarifs et disponibilit\u00e9s<\/h2>\n<p>[\/et_pb_text][et_pb_divider color=&#8221;#1c8c99&#8243; divider_weight=&#8221;5px&#8221; _builder_version=&#8221;4.3.2&#8243; width=&#8221;150px&#8221;][\/et_pb_divider][et_pb_text admin_label=&#8221;shortcode bouton prix et dispo&#8221; _builder_version=&#8221;4.3.2&#8243;]<script>\n    setTimeout(function () {\n        document.getElementById('ctv-prix10413').innerHTML =`<ctv-availability data-product-id='10413' ><\/ctv-availability>`\n    });\n<\/script>\n<div id='ctv-prix10413'><\/div>[\/et_pb_text][et_pb_text admin_label=&#8221;titre&#8221; _builder_version=&#8221;4.3.2&#8243; text_font=&#8221;||||||||&#8221; header_font=&#8221;||||||||&#8221; header_2_font=&#8221;Caveat brush|700|||||||&#8221; header_2_text_color=&#8221;#1c8c99&#8243; header_2_font_size=&#8221;45px&#8221; header_2_line_height=&#8221;1.2em&#8221; custom_margin=&#8221;||15px&#8221; header_2_font_size_tablet=&#8221;40px&#8221; header_2_font_size_phone=&#8221;30px&#8221; header_2_font_size_last_edited=&#8221;on|phone&#8221;]<\/p>\n<h2>Promotions<\/h2>\n<p>[\/et_pb_text][et_pb_divider color=&#8221;#1c8c99&#8243; divider_weight=&#8221;5px&#8221; _builder_version=&#8221;4.3.2&#8243; width=&#8221;150px&#8221;][\/et_pb_divider][et_pb_text admin_label=&#8221;shortcode offres sp\u00e9ciales&#8221; _builder_version=&#8221;4.3.2&#8243;]<script> setTimeout(function () {document.getElementById('ctv-10413').innerHTML = `<ctv-offers data-product-id='10413' ><\/ctv-offers>`});<\/script>\n\t\t\t<div id='ctv-10413'><\/div>[\/et_pb_text][\/et_pb_column][\/et_pb_row][\/et_pb_section]<\/p>\n","protected":false},"excerpt":{"rendered":"<p>Gemeubelde canvas bungalowsOntdek het echte kamperen, met wat extra comfort. Deze ruime tenten hebben een kookhoek, een terras met tuinstel, een uitgeruste keuken (servies en bestek, ijskast, twee kookplaten).<div id=\"hippocamp-search-widget-container\" data-user-id=\"7210\" data-language=\"auto\" data-jquery=\"3.2.1\"><\/div>Tarifs et disponibilit\u00e9s<script>\n    setTimeout(function () {\n        document.getElementById('ctv-prix10413').innerHTML =`<ctv-availability data-product-id='10413' ><\/ctv-availability>`\n    });\n<\/script>\n<div id='ctv-prix10413'><\/div>Promotions<script> setTimeout(function () {document.getElementById('ctv-10413').innerHTML = `<ctv-offers data-product-id='10413' ><\/ctv-offers>`});<\/script>\n\t\t\t<div id='ctv-10413'><\/div><\/p>\n","protected":false},"author":1,"featured_media":0,"parent":220260,"menu_order":0,"comment_status":"closed","ping_status":"closed","template":"","meta":{"_et_pb_use_builder":"on","_et_pb_old_content":"","_et_gb_content_width":"","inline_featured_image":false,"footnotes":""},"class_list":["post-220265","page","type-page","status-publish","hentry"],"yoast_head":"<!-- This site is optimized with the Yoast SEO plugin v27.5 - https:\/\/yoast.com\/product\/yoast-seo-wordpress\/ -->\n<title>Camping 4 \u00e9toiles Les Monts d&#039;Albi (Tarn) - Location bungalow toil\u00e9 meubl\u00e9<\/title>\n<meta name=\"description\" content=\"Nos bungalows toil\u00e9s meubl\u00e9s 4\/6 personnes sont spacieux et \u00e9quip\u00e9s d&#039;une cuisine. Le plaisir du camping, de la nature, le confort en plus.\" \/>\n<meta name=\"robots\" content=\"index, follow, max-snippet:-1, max-image-preview:large, max-video-preview:-1\" \/>\n<link rel=\"canonical\" href=\"https:\/\/camping-les-monts-d-albi.com\/nl\/de-camping\/bungalows\/gemeubelde-canvas-bungalows-4-6-personen\/\" \/>\n<meta property=\"og:locale\" content=\"nl_NL\" \/>\n<meta property=\"og:type\" content=\"article\" \/>\n<meta property=\"og:title\" content=\"Camping 4 \u00e9toiles Les Monts d&#039;Albi (Tarn) - Location bungalow toil\u00e9 meubl\u00e9\" \/>\n<meta property=\"og:description\" content=\"Nos bungalows toil\u00e9s meubl\u00e9s 4\/6 personnes sont spacieux et \u00e9quip\u00e9s d&#039;une cuisine. Le plaisir du camping, de la nature, le confort en plus.\" \/>\n<meta property=\"og:url\" content=\"https:\/\/camping-les-monts-d-albi.com\/nl\/de-camping\/bungalows\/gemeubelde-canvas-bungalows-4-6-personen\/\" \/>\n<meta property=\"og:site_name\" content=\"Camping les Monts d&#039;Albi\" \/>\n<meta property=\"article:modified_time\" content=\"2020-07-21T09:13:03+00:00\" \/>\n<meta name=\"twitter:card\" content=\"summary_large_image\" \/>\n<meta name=\"twitter:label1\" content=\"Geschatte leestijd\" \/>\n\t<meta name=\"twitter:data1\" content=\"8 minuten\" \/>\n<script type=\"application\/ld+json\" class=\"yoast-schema-graph\">{\"@context\":\"https:\\\/\\\/schema.org\",\"@graph\":[{\"@type\":\"WebPage\",\"@id\":\"https:\\\/\\\/camping-les-monts-d-albi.com\\\/nl\\\/de-camping\\\/bungalows\\\/gemeubelde-canvas-bungalows-4-6-personen\\\/\",\"url\":\"https:\\\/\\\/camping-les-monts-d-albi.com\\\/nl\\\/de-camping\\\/bungalows\\\/gemeubelde-canvas-bungalows-4-6-personen\\\/\",\"name\":\"Camping 4 \u00e9toiles Les Monts d'Albi (Tarn) - Location bungalow toil\u00e9 meubl\u00e9\",\"isPartOf\":{\"@id\":\"https:\\\/\\\/camping-les-monts-d-albi.com\\\/#website\"},\"datePublished\":\"2020-07-08T13:29:52+00:00\",\"dateModified\":\"2020-07-21T09:13:03+00:00\",\"description\":\"Nos bungalows toil\u00e9s meubl\u00e9s 4\\\/6 personnes sont spacieux et \u00e9quip\u00e9s d'une cuisine. Le plaisir du camping, de la nature, le confort en plus.\",\"breadcrumb\":{\"@id\":\"https:\\\/\\\/camping-les-monts-d-albi.com\\\/nl\\\/de-camping\\\/bungalows\\\/gemeubelde-canvas-bungalows-4-6-personen\\\/#breadcrumb\"},\"inLanguage\":\"nl-NL\",\"potentialAction\":[{\"@type\":\"ReadAction\",\"target\":[\"https:\\\/\\\/camping-les-monts-d-albi.com\\\/nl\\\/de-camping\\\/bungalows\\\/gemeubelde-canvas-bungalows-4-6-personen\\\/\"]}]},{\"@type\":\"BreadcrumbList\",\"@id\":\"https:\\\/\\\/camping-les-monts-d-albi.com\\\/nl\\\/de-camping\\\/bungalows\\\/gemeubelde-canvas-bungalows-4-6-personen\\\/#breadcrumb\",\"itemListElement\":[{\"@type\":\"ListItem\",\"position\":1,\"name\":\"Accueil\",\"item\":\"https:\\\/\\\/camping-les-monts-d-albi.com\\\/\"},{\"@type\":\"ListItem\",\"position\":2,\"name\":\"De camping\",\"item\":\"https:\\\/\\\/camping-les-monts-d-albi.com\\\/nl\\\/de-camping\\\/\"},{\"@type\":\"ListItem\",\"position\":3,\"name\":\"Bungalows\",\"item\":\"https:\\\/\\\/camping-les-monts-d-albi.com\\\/nl\\\/de-camping\\\/bungalows\\\/\"},{\"@type\":\"ListItem\",\"position\":4,\"name\":\"Gemeubelde canvas bungalows 4\\\/6 personen\"}]},{\"@type\":\"WebSite\",\"@id\":\"https:\\\/\\\/camping-les-monts-d-albi.com\\\/#website\",\"url\":\"https:\\\/\\\/camping-les-monts-d-albi.com\\\/\",\"name\":\"Camping les Monts d&#039;Albi\",\"description\":\"La pause nature en famille\",\"potentialAction\":[{\"@type\":\"SearchAction\",\"target\":{\"@type\":\"EntryPoint\",\"urlTemplate\":\"https:\\\/\\\/camping-les-monts-d-albi.com\\\/?s={search_term_string}\"},\"query-input\":{\"@type\":\"PropertyValueSpecification\",\"valueRequired\":true,\"valueName\":\"search_term_string\"}}],\"inLanguage\":\"nl-NL\"}]}<\/script>\n<!-- \/ Yoast SEO plugin. -->","yoast_head_json":{"title":"Camping 4 \u00e9toiles Les Monts d'Albi (Tarn) - Location bungalow toil\u00e9 meubl\u00e9","description":"Nos bungalows toil\u00e9s meubl\u00e9s 4\/6 personnes sont spacieux et \u00e9quip\u00e9s d'une cuisine. Le plaisir du camping, de la nature, le confort en plus.","robots":{"index":"index","follow":"follow","max-snippet":"max-snippet:-1","max-image-preview":"max-image-preview:large","max-video-preview":"max-video-preview:-1"},"canonical":"https:\/\/camping-les-monts-d-albi.com\/nl\/de-camping\/bungalows\/gemeubelde-canvas-bungalows-4-6-personen\/","og_locale":"nl_NL","og_type":"article","og_title":"Camping 4 \u00e9toiles Les Monts d'Albi (Tarn) - Location bungalow toil\u00e9 meubl\u00e9","og_description":"Nos bungalows toil\u00e9s meubl\u00e9s 4\/6 personnes sont spacieux et \u00e9quip\u00e9s d'une cuisine. Le plaisir du camping, de la nature, le confort en plus.","og_url":"https:\/\/camping-les-monts-d-albi.com\/nl\/de-camping\/bungalows\/gemeubelde-canvas-bungalows-4-6-personen\/","og_site_name":"Camping les Monts d&#039;Albi","article_modified_time":"2020-07-21T09:13:03+00:00","twitter_card":"summary_large_image","twitter_misc":{"Geschatte leestijd":"8 minuten"},"schema":{"@context":"https:\/\/schema.org","@graph":[{"@type":"WebPage","@id":"https:\/\/camping-les-monts-d-albi.com\/nl\/de-camping\/bungalows\/gemeubelde-canvas-bungalows-4-6-personen\/","url":"https:\/\/camping-les-monts-d-albi.com\/nl\/de-camping\/bungalows\/gemeubelde-canvas-bungalows-4-6-personen\/","name":"Camping 4 \u00e9toiles Les Monts d'Albi (Tarn) - Location bungalow toil\u00e9 meubl\u00e9","isPartOf":{"@id":"https:\/\/camping-les-monts-d-albi.com\/#website"},"datePublished":"2020-07-08T13:29:52+00:00","dateModified":"2020-07-21T09:13:03+00:00","description":"Nos bungalows toil\u00e9s meubl\u00e9s 4\/6 personnes sont spacieux et \u00e9quip\u00e9s d'une cuisine. Le plaisir du camping, de la nature, le confort en plus.","breadcrumb":{"@id":"https:\/\/camping-les-monts-d-albi.com\/nl\/de-camping\/bungalows\/gemeubelde-canvas-bungalows-4-6-personen\/#breadcrumb"},"inLanguage":"nl-NL","potentialAction":[{"@type":"ReadAction","target":["https:\/\/camping-les-monts-d-albi.com\/nl\/de-camping\/bungalows\/gemeubelde-canvas-bungalows-4-6-personen\/"]}]},{"@type":"BreadcrumbList","@id":"https:\/\/camping-les-monts-d-albi.com\/nl\/de-camping\/bungalows\/gemeubelde-canvas-bungalows-4-6-personen\/#breadcrumb","itemListElement":[{"@type":"ListItem","position":1,"name":"Accueil","item":"https:\/\/camping-les-monts-d-albi.com\/"},{"@type":"ListItem","position":2,"name":"De camping","item":"https:\/\/camping-les-monts-d-albi.com\/nl\/de-camping\/"},{"@type":"ListItem","position":3,"name":"Bungalows","item":"https:\/\/camping-les-monts-d-albi.com\/nl\/de-camping\/bungalows\/"},{"@type":"ListItem","position":4,"name":"Gemeubelde canvas bungalows 4\/6 personen"}]},{"@type":"WebSite","@id":"https:\/\/camping-les-monts-d-albi.com\/#website","url":"https:\/\/camping-les-monts-d-albi.com\/","name":"Camping les Monts d&#039;Albi","description":"La pause nature en famille","potentialAction":[{"@type":"SearchAction","target":{"@type":"EntryPoint","urlTemplate":"https:\/\/camping-les-monts-d-albi.com\/?s={search_term_string}"},"query-input":{"@type":"PropertyValueSpecification","valueRequired":true,"valueName":"search_term_string"}}],"inLanguage":"nl-NL"}]}},"_links":{"self":[{"href":"https:\/\/camping-les-monts-d-albi.com\/nl\/wp-json\/wp\/v2\/pages\/220265","targetHints":{"allow":["GET"]}}],"collection":[{"href":"https:\/\/camping-les-monts-d-albi.com\/nl\/wp-json\/wp\/v2\/pages"}],"about":[{"href":"https:\/\/camping-les-monts-d-albi.com\/nl\/wp-json\/wp\/v2\/types\/page"}],"author":[{"embeddable":true,"href":"https:\/\/camping-les-monts-d-albi.com\/nl\/wp-json\/wp\/v2\/users\/1"}],"replies":[{"embeddable":true,"href":"https:\/\/camping-les-monts-d-albi.com\/nl\/wp-json\/wp\/v2\/comments?post=220265"}],"version-history":[{"count":0,"href":"https:\/\/camping-les-monts-d-albi.com\/nl\/wp-json\/wp\/v2\/pages\/220265\/revisions"}],"up":[{"embeddable":true,"href":"https:\/\/camping-les-monts-d-albi.com\/nl\/wp-json\/wp\/v2\/pages\/220260"}],"wp:attachment":[{"href":"https:\/\/camping-les-monts-d-albi.com\/nl\/wp-json\/wp\/v2\/media?parent=220265"}],"curies":[{"name":"wp","href":"https:\/\/api.w.org\/{rel}","templated":true}]}}